{"id":671,"date":"2022-09-09T12:13:28","date_gmt":"2022-09-09T12:13:28","guid":{"rendered":"https:\/\/www.kosmetikschule-zuerich.ch\/?page_id=671"},"modified":"2025-12-04T07:22:35","modified_gmt":"2025-12-04T07:22:35","slug":"impressum","status":"publish","type":"page","link":"https:\/\/www.kosmetikschule-zuerich.ch\/index.php\/impressum\/","title":{"rendered":"Impressum"},"content":{"rendered":"\n<h2><strong>Kontakt-Adresse<\/strong><\/h2>\n<p>Verwaltungssitz: Beauty Swiss Group GmbH<br \/>Chamerstrasse 176<br \/>6300 Zug<br \/>Schweiz<br \/><strong>Telefonisch<\/strong> erreichen Sie uns <strong>jeweils dienstags<\/strong> unter <strong>+41(0)78 308 31 66<\/strong><\/p>\n<p>E-Mail: <a href=\"mailto:info@beauty-academy.ch\">info@beauty-academy.ch<\/a><\/p>\n<p>\u00a0<\/p>\n<h2><strong>Vertretungsberechtigte Person(en)<\/strong><\/h2>\n<p>Beauty Swiss Group GmbH<br \/><br \/><\/p>\n<h2><strong>Haftungsausschluss<\/strong><\/h2>\n<p>Der Autor \u00fcbernimmt keinerlei Gew\u00e4hr hinsichtlich der inhaltlichen Richtigkeit, Genauigkeit, Aktualit\u00e4t, Zuverl\u00e4ssigkeit und Vollst\u00e4ndigkeit der Informationen.<br \/>Haftungsanspr\u00fcche gegen den Autor wegen Sch\u00e4den materieller oder immaterieller Art, welche aus dem Zugriff oder der Nutzung bzw. Nichtnutzung der ver\u00f6ffentlichten Informationen, durch Missbrauch der Verbindung oder durch technische St\u00f6rungen entstanden sind, werden ausgeschlossen.<\/p>\n<p>Alle Angebote sind unverbindlich. Der Autor beh\u00e4lt es sich ausdr\u00fccklich vor, Teile der Seiten oder das gesamte Angebot ohne besondere Ank\u00fcndigung zu ver\u00e4ndern, zu erg\u00e4nzen, zu l\u00f6schen oder die Ver\u00f6ffentlichung zeitweise oder endg\u00fcltig einzustellen.<br \/><br \/><\/p>\n<h2><strong>Haftungsausschluss f\u00fcr Links<\/strong><\/h2>\n<p>Verweise und Links auf Webseiten Dritter liegen ausserhalb unseres Verantwortungsbereichs. Es wird jegliche Verantwortung f\u00fcr solche Webseiten abgelehnt. Der Zugriff und die Nutzung solcher Webseiten erfolgen auf eigene Gefahr des jeweiligen Nutzers.<br \/><br \/><\/p>\n<h2><strong>Urheberrechte<\/strong><\/h2>\n<p>Die Urheber- und alle anderen Rechte an Inhalten, Bildern, Fotos oder anderen Dateien auf dieser Website, geh\u00f6ren ausschliesslich der Firma Beauty Swiss Group GmbH oder den speziell genannten Rechteinhabern. F\u00fcr die Reproduktion jeglicher Elemente ist die schriftliche Zustimmung des Urheberrechtstr\u00e4gers im Voraus einzuholen.<br \/><br \/><\/p>\n<p><em>Quelle: <a href=\"https:\/\/www.swissanwalt.ch\" target=\"_blank\" rel=\"noopener\">SwissAnwalt<\/a><\/em><\/p>\n<p>\u00a0<\/p>\n","protected":false},"excerpt":{"rendered":"<p>Kontakt-Adresse Verwaltungssitz: Beauty Swiss Group GmbHChamerstrasse 1766300 ZugSchweizTelefonisch erreichen Sie uns jeweils dienstags unter +41(0)78 308 31 66 E-Mail: info@beauty-academy.ch \u00a0 Vertretungsberechtigte Person(en) Beauty Swiss Group GmbH Haftungsausschluss Der Autor \u00fcbernimmt keinerlei Gew\u00e4hr hinsichtlich der inhaltlichen Richtigkeit, Genauigkeit, Aktualit\u00e4t, Zuverl\u00e4ssigkeit und Vollst\u00e4ndigkeit der Informationen.Haftungsanspr\u00fcche gegen den Autor wegen Sch\u00e4den materieller oder immaterieller Art, welche aus &hellip; <a href=\"https:\/\/www.kosmetikschule-zuerich.ch\/index.php\/impressum\/\" class=\"more-link\">Continue reading<span class=\"screen-reader-text\"> &#171;Impressum&#187;<\/span><\/a><\/p>\n","protected":false},"author":1,"featured_media":0,"parent":0,"menu_order":0,"comment_status":"closed","ping_status":"closed","template":"","meta":{"footnotes":""},"class_list":["post-671","page","type-page","status-publish","hentry"],"yoast_head":"<!-- This site is optimized with the Yoast SEO plugin v27.5 - https:\/\/yoast.com\/product\/yoast-seo-wordpress\/ -->\n<title>Impressum - Kosmetik Fachschule Bern, Z\u00fcrich, Wil<\/title>\n<meta name=\"robots\" content=\"index, follow, max-snippet:-1, max-image-preview:large, max-video-preview:-1\" \/>\n<link rel=\"canonical\" href=\"https:\/\/www.kosmetikschule-zuerich.ch\/index.php\/impressum\/\" \/>\n<meta property=\"og:locale\" content=\"de_DE\" \/>\n<meta property=\"og:type\" content=\"article\" \/>\n<meta property=\"og:title\" content=\"Impressum - Kosmetik Fachschule Bern, Z\u00fcrich, Wil\" \/>\n<meta property=\"og:description\" content=\"Kontakt-Adresse Verwaltungssitz: Beauty Swiss Group GmbHChamerstrasse 1766300 ZugSchweizTelefonisch erreichen Sie uns jeweils dienstags unter +41(0)78 308 31 66 E-Mail: info@beauty-academy.ch \u00a0 Vertretungsberechtigte Person(en) Beauty Swiss Group GmbH Haftungsausschluss Der Autor \u00fcbernimmt keinerlei Gew\u00e4hr hinsichtlich der inhaltlichen Richtigkeit, Genauigkeit, Aktualit\u00e4t, Zuverl\u00e4ssigkeit und Vollst\u00e4ndigkeit der Informationen.Haftungsanspr\u00fcche gegen den Autor wegen Sch\u00e4den materieller oder immaterieller Art, welche aus &hellip; Continue reading &quot;Impressum&quot;\" \/>\n<meta property=\"og:url\" content=\"https:\/\/www.kosmetikschule-zuerich.ch\/index.php\/impressum\/\" \/>\n<meta property=\"og:site_name\" content=\"Kosmetik Fachschule Bern, Z\u00fcrich, Wil\" \/>\n<meta property=\"article:modified_time\" content=\"2025-12-04T07:22:35+00:00\" \/>\n<meta name=\"twitter:card\" content=\"summary_large_image\" \/>\n<meta name=\"twitter:label1\" content=\"Gesch\u00e4tzte Lesezeit\" \/>\n\t<meta name=\"twitter:data1\" content=\"2\u00a0Minuten\" \/>\n<script type=\"application\/ld+json\" class=\"yoast-schema-graph\">{\"@context\":\"https:\\\/\\\/schema.org\",\"@graph\":[{\"@type\":\"WebPage\",\"@id\":\"https:\\\/\\\/www.kosmetikschule-zuerich.ch\\\/index.php\\\/impressum\\\/\",\"url\":\"https:\\\/\\\/www.kosmetikschule-zuerich.ch\\\/index.php\\\/impressum\\\/\",\"name\":\"Impressum - Kosmetik Fachschule Bern, Z\u00fcrich, Wil\",\"isPartOf\":{\"@id\":\"https:\\\/\\\/www.kosmetikschule-zuerich.ch\\\/#website\"},\"datePublished\":\"2022-09-09T12:13:28+00:00\",\"dateModified\":\"2025-12-04T07:22:35+00:00\",\"breadcrumb\":{\"@id\":\"https:\\\/\\\/www.kosmetikschule-zuerich.ch\\\/index.php\\\/impressum\\\/#breadcrumb\"},\"inLanguage\":\"de-CH\",\"potentialAction\":[{\"@type\":\"ReadAction\",\"target\":[\"https:\\\/\\\/www.kosmetikschule-zuerich.ch\\\/index.php\\\/impressum\\\/\"]}]},{\"@type\":\"BreadcrumbList\",\"@id\":\"https:\\\/\\\/www.kosmetikschule-zuerich.ch\\\/index.php\\\/impressum\\\/#breadcrumb\",\"itemListElement\":[{\"@type\":\"ListItem\",\"position\":1,\"name\":\"Startseite\",\"item\":\"https:\\\/\\\/www.kosmetikschule-zuerich.ch\\\/\"},{\"@type\":\"ListItem\",\"position\":2,\"name\":\"Impressum\"}]},{\"@type\":\"WebSite\",\"@id\":\"https:\\\/\\\/www.kosmetikschule-zuerich.ch\\\/#website\",\"url\":\"https:\\\/\\\/www.kosmetikschule-zuerich.ch\\\/\",\"name\":\"Kosmetik Fachschule Bern, Z\u00fcrich, Wil\",\"description\":\"Kosmetikausbildung in Bern, Z\u00fcrich, Wil ab CHF 3490.-\",\"potentialAction\":[{\"@type\":\"SearchAction\",\"target\":{\"@type\":\"EntryPoint\",\"urlTemplate\":\"https:\\\/\\\/www.kosmetikschule-zuerich.ch\\\/?s={search_term_string}\"},\"query-input\":{\"@type\":\"PropertyValueSpecification\",\"valueRequired\":true,\"valueName\":\"search_term_string\"}}],\"inLanguage\":\"de-CH\"}]}<\/script>\n<!-- \/ Yoast SEO plugin. -->","yoast_head_json":{"title":"Impressum - Kosmetik Fachschule Bern, Z\u00fcrich, Wil","robots":{"index":"index","follow":"follow","max-snippet":"max-snippet:-1","max-image-preview":"max-image-preview:large","max-video-preview":"max-video-preview:-1"},"canonical":"https:\/\/www.kosmetikschule-zuerich.ch\/index.php\/impressum\/","og_locale":"de_DE","og_type":"article","og_title":"Impressum - Kosmetik Fachschule Bern, Z\u00fcrich, Wil","og_description":"Kontakt-Adresse Verwaltungssitz: Beauty Swiss Group GmbHChamerstrasse 1766300 ZugSchweizTelefonisch erreichen Sie uns jeweils dienstags unter +41(0)78 308 31 66 E-Mail: info@beauty-academy.ch \u00a0 Vertretungsberechtigte Person(en) Beauty Swiss Group GmbH Haftungsausschluss Der Autor \u00fcbernimmt keinerlei Gew\u00e4hr hinsichtlich der inhaltlichen Richtigkeit, Genauigkeit, Aktualit\u00e4t, Zuverl\u00e4ssigkeit und Vollst\u00e4ndigkeit der Informationen.Haftungsanspr\u00fcche gegen den Autor wegen Sch\u00e4den materieller oder immaterieller Art, welche aus &hellip; Continue reading \"Impressum\"","og_url":"https:\/\/www.kosmetikschule-zuerich.ch\/index.php\/impressum\/","og_site_name":"Kosmetik Fachschule Bern, Z\u00fcrich, Wil","article_modified_time":"2025-12-04T07:22:35+00:00","twitter_card":"summary_large_image","twitter_misc":{"Gesch\u00e4tzte Lesezeit":"2\u00a0Minuten"},"schema":{"@context":"https:\/\/schema.org","@graph":[{"@type":"WebPage","@id":"https:\/\/www.kosmetikschule-zuerich.ch\/index.php\/impressum\/","url":"https:\/\/www.kosmetikschule-zuerich.ch\/index.php\/impressum\/","name":"Impressum - Kosmetik Fachschule Bern, Z\u00fcrich, Wil","isPartOf":{"@id":"https:\/\/www.kosmetikschule-zuerich.ch\/#website"},"datePublished":"2022-09-09T12:13:28+00:00","dateModified":"2025-12-04T07:22:35+00:00","breadcrumb":{"@id":"https:\/\/www.kosmetikschule-zuerich.ch\/index.php\/impressum\/#breadcrumb"},"inLanguage":"de-CH","potentialAction":[{"@type":"ReadAction","target":["https:\/\/www.kosmetikschule-zuerich.ch\/index.php\/impressum\/"]}]},{"@type":"BreadcrumbList","@id":"https:\/\/www.kosmetikschule-zuerich.ch\/index.php\/impressum\/#breadcrumb","itemListElement":[{"@type":"ListItem","position":1,"name":"Startseite","item":"https:\/\/www.kosmetikschule-zuerich.ch\/"},{"@type":"ListItem","position":2,"name":"Impressum"}]},{"@type":"WebSite","@id":"https:\/\/www.kosmetikschule-zuerich.ch\/#website","url":"https:\/\/www.kosmetikschule-zuerich.ch\/","name":"Kosmetik Fachschule Bern, Z\u00fcrich, Wil","description":"Kosmetikausbildung in Bern, Z\u00fcrich, Wil ab CHF 3490.-","potentialAction":[{"@type":"SearchAction","target":{"@type":"EntryPoint","urlTemplate":"https:\/\/www.kosmetikschule-zuerich.ch\/?s={search_term_string}"},"query-input":{"@type":"PropertyValueSpecification","valueRequired":true,"valueName":"search_term_string"}}],"inLanguage":"de-CH"}]}},"_links":{"self":[{"href":"https:\/\/www.kosmetikschule-zuerich.ch\/index.php\/wp-json\/wp\/v2\/pages\/671","targetHints":{"allow":["GET"]}}],"collection":[{"href":"https:\/\/www.kosmetikschule-zuerich.ch\/index.php\/wp-json\/wp\/v2\/pages"}],"about":[{"href":"https:\/\/www.kosmetikschule-zuerich.ch\/index.php\/wp-json\/wp\/v2\/types\/page"}],"author":[{"embeddable":true,"href":"https:\/\/www.kosmetikschule-zuerich.ch\/index.php\/wp-json\/wp\/v2\/users\/1"}],"replies":[{"embeddable":true,"href":"https:\/\/www.kosmetikschule-zuerich.ch\/index.php\/wp-json\/wp\/v2\/comments?post=671"}],"version-history":[{"count":7,"href":"https:\/\/www.kosmetikschule-zuerich.ch\/index.php\/wp-json\/wp\/v2\/pages\/671\/revisions"}],"predecessor-version":[{"id":820,"href":"https:\/\/www.kosmetikschule-zuerich.ch\/index.php\/wp-json\/wp\/v2\/pages\/671\/revisions\/820"}],"wp:attachment":[{"href":"https:\/\/www.kosmetikschule-zuerich.ch\/index.php\/wp-json\/wp\/v2\/media?parent=671"}],"curies":[{"name":"wp","href":"https:\/\/api.w.org\/{rel}","templated":true}]}}